{"id":315,"date":"2024-04-02T11:26:39","date_gmt":"2024-04-02T11:26:39","guid":{"rendered":"https:\/\/edinoa.hr\/?page_id=315"},"modified":"2025-08-12T09:30:02","modified_gmt":"2025-08-12T07:30:02","slug":"edukacija-za-depilaciju-secernom-pastom","status":"publish","type":"page","link":"https:\/\/edinoa.hr\/index.php\/edukacije\/edukacija-za-depilaciju-secernom-pastom\/","title":{"rendered":"Depilacija \u0161e\u0107ernom pastom za po\u010detnike"},"content":{"rendered":"\n<p class=\"has-text-color has-link-color has-yu-gothic-ui-ligh-font-family has-superbfont-medium-font-size wp-elements-269deb05a51445db1734bf8e18e6cacc\" style=\"color:#a67c6c\"><strong>Edukacija za depilaciju \u0161e\u0107ernom pastom<\/strong><\/p>\n\n\n\n<p class=\"has-text-color has-link-color has-yu-gothic-ui-ligh-font-family has-superbfont-medium-font-size wp-elements-5e92f99ed36a409838a7d0e7d85f0e51\" style=\"color:#a67c6c\">\u017delite nau\u010diti depilirati \u0161e\u0107ernom pastom ili uvesti ovu popularnu tehniku u Va\u0161 salon?&nbsp;<\/p>\n\n\n\n<p class=\"has-text-color has-link-color has-yu-gothic-ui-ligh-font-family has-superbfont-medium-font-size wp-elements-e8f872168af0c258f2dd92531c0874a5\" style=\"color:#a67c6c\">Depilacija \u0161e\u0107ernom pastom je jedna od najtra\u017eenijih metoda uklanjanja dla\u010dica u kozmeti\u010dkim salonima zbog rezultata koje daje, prirodnog sastava i tolerancije na osjetljivost i iritacije ko\u017ee.<\/p>\n\n\n\n<p class=\"has-text-color has-link-color has-yu-gothic-ui-ligh-font-family has-superbfont-medium-font-size wp-elements-31bbd6df547faedcc039a40e8ad2bacd\" style=\"color:#a67c6c\">Te\u010daj za depilaciju \u0161e\u0107ernom pastom traje 2 dana&nbsp;<\/p>\n\n\n\n<p class=\"has-text-color has-link-color has-yu-gothic-ui-ligh-font-family has-superbfont-medium-font-size wp-elements-04a659d7c11c70567b1ab16c1b130fd9\" style=\"color:#a67c6c\"><strong>1.dan&nbsp;<\/strong>(4-5 sati)<\/p>\n\n\n\n<p class=\"has-text-color has-link-color has-yu-gothic-ui-ligh-font-family has-superbfont-medium-font-size wp-elements-da63156ccc89168e53c69646384a3798\" style=\"color:#a67c6c\">Teorijski dio<\/p>\n\n\n\n<p class=\"has-text-color has-link-color has-yu-gothic-ui-ligh-font-family has-superbfont-medium-font-size wp-elements-ea6df4d9179842f8fffa114771d3645f\" style=\"color:#a67c6c\">&#8211;&nbsp;&nbsp;&nbsp;&nbsp;&nbsp;&nbsp;&nbsp;&nbsp;&nbsp;&nbsp;&nbsp;&nbsp;Anatomija dlake i faze rasta dla\u010dica<\/p>\n\n\n\n<p class=\"has-text-color has-link-color has-yu-gothic-ui-ligh-font-family has-superbfont-medium-font-size wp-elements-6d01a79ac1bf4ab0abcd2bd8db3a3b3d\" style=\"color:#a67c6c\">&#8211;&nbsp;&nbsp;&nbsp;&nbsp;&nbsp;&nbsp;&nbsp;&nbsp;&nbsp;&nbsp;&nbsp;&nbsp;Razlika izme\u0111u voska i \u0161e\u0107erne paste<\/p>\n\n\n\n<p class=\"has-text-color has-link-color has-yu-gothic-ui-ligh-font-family has-superbfont-medium-font-size wp-elements-9b232765d11810490fdfbf18e6dce981\" style=\"color:#a67c6c\">&#8211;&nbsp;&nbsp;&nbsp;&nbsp;&nbsp;&nbsp;&nbsp;&nbsp;&nbsp;&nbsp;&nbsp;&nbsp;Priprema ko\u017ee za depilaciju i njega nakon depilacije<\/p>\n\n\n\n<p class=\"has-text-color has-link-color has-yu-gothic-ui-ligh-font-family has-superbfont-medium-font-size wp-elements-00c9ec575291baec1e2308f14d267944\" style=\"color:#a67c6c\">&#8211;\u00a0\u00a0\u00a0\u00a0\u00a0\u00a0\u00a0\u00a0\u00a0\u00a0\u00a0\u00a0Kontraindikacije i prakti\u010dni dio\u00a0<\/p>\n\n\n\n<p class=\"has-text-color has-link-color has-yu-gothic-ui-ligh-font-family has-superbfont-medium-font-size wp-elements-eb23fbc449d373cfc0b850f8a1bce8cb\" style=\"color:#a67c6c\">&#8211;  Demonstracija depilacije na modelu (ruke, noge, pazuh, brazilska)<\/p>\n\n\n\n<p class=\"has-text-color has-link-color has-yu-gothic-ui-ligh-font-family has-superbfont-medium-font-size wp-elements-8898d3913db26f5e1183853c889dada6\" style=\"color:#a67c6c\">Na kraju prvog dana edukacije dobivate &#8221;Start paket&#8221; (dva velika pakiranja EDINOA \u0161e\u0107erne paste) za vje\u017ebu kod ku\u0107e\/u salonu, a drugi dan edukacije se odr\u017eava tjedan dana nakon prvog dana.<\/p>\n\n\n\n<p class=\"has-text-color has-link-color has-yu-gothic-ui-ligh-font-family has-superbfont-medium-font-size wp-elements-46b5f53b42ba868bd13b4dac0483439a\" style=\"color:#a67c6c\"><strong>2.dan<\/strong>\u00a0(2 sata)<\/p>\n\n\n\n<p class=\"has-text-color has-link-color has-yu-gothic-ui-ligh-font-family has-superbfont-medium-font-size wp-elements-94e075a7e86c01495be3036ac8922e92\" style=\"color:#a67c6c\">Polaznica demonstrira ste\u010deno znanje i vje\u0161tine uz nadzor edukatora kako bismo bili sigurni da ste usavr\u0161ili tehniku depilacije \u0161e\u0107ernom pastom i da ste spremni za samostalan rad.<\/p>\n\n\n\n<p class=\"has-text-color has-link-color has-yu-gothic-ui-ligh-font-family has-superbfont-medium-font-size wp-elements-15b9f98014cb62b40445776c90884cc8\" style=\"color:#a67c6c\">Sav materijal za rad je osiguran. Na edukaciji sudjeluju maksimalno dvije polaznice.<\/p>\n\n\n\n<p><\/p>\n\n\n\n<p class=\"has-text-color has-link-color has-yu-gothic-ui-ligh-font-family has-superbfont-medium-font-size wp-elements-c3e6a83fe6ab9bf7d6f6ccafae9b9c47\" style=\"color:#a67c6c\"><strong>Polaznice nakon te\u010daja dobivaju:<\/strong><\/p>\n\n\n\n<p class=\"has-text-color has-link-color has-yu-gothic-ui-ligh-font-family has-superbfont-medium-font-size wp-elements-713510d1a686cde0ef799e2024b3efce\" style=\"color:#a67c6c\">&#8211;&nbsp;&nbsp;&nbsp;&nbsp;&nbsp;&nbsp;&nbsp;&nbsp;&nbsp;&nbsp;&nbsp;&nbsp;Start paket (1200g EDINOA Strong \u0161e\u0107erne paste i 1200g EDINOA Perfect mix \u0161e\u0107erne paste) na kraju prvog dana<\/p>\n\n\n\n<p class=\"has-text-color has-link-color has-yu-gothic-ui-ligh-font-family has-superbfont-medium-font-size wp-elements-0ac3f8f3c37f978aadd9664e3ec9444e\" style=\"color:#a67c6c\">&#8211;&nbsp;&nbsp;&nbsp;&nbsp;&nbsp;&nbsp;&nbsp;&nbsp;&nbsp;&nbsp;&nbsp;&nbsp;Priru\u010dnik za depilaciju \u0161e\u0107ernom pastom<\/p>\n\n\n\n<p class=\"has-text-color has-link-color has-yu-gothic-ui-ligh-font-family has-superbfont-medium-font-size wp-elements-5f5ba29e59d85d75ffd73efc1893728f\" style=\"color:#a67c6c\">&#8211;&nbsp;&nbsp;&nbsp;&nbsp;&nbsp;&nbsp;&nbsp;&nbsp;&nbsp;&nbsp;&nbsp;&nbsp;Certifikat<\/p>\n\n\n\n<p class=\"has-text-color has-background has-link-color has-yu-gothic-ui-ligh-font-family has-superbfont-medium-font-size wp-elements-9d4486155bdd18c7647132cfc66a7948\" style=\"color:#a67c6c;background-color:#ffffff82\"><strong>CIJENA: 300\u20ac<\/strong><\/p>\n\n\n\n<p class=\"has-text-color has-link-color has-yu-gothic-ui-ligh-font-family has-superbfont-medium-font-size wp-elements-2f8d0151d62eff0df89145a7f1896660\" style=\"color:#a67c6c\">*potrebno je osigurati vlastite modele za rad na edukaciji<\/p>\n\n\n\n<p><\/p>\n\n\n\n<figure class=\"wp-block-image aligncenter size-large is-resized has-custom-border\"><img loading=\"lazy\" decoding=\"async\" width=\"1024\" height=\"1010\" src=\"https:\/\/edinoa.hr\/wp-content\/uploads\/2025\/06\/secerpasta-1024x1010.jpeg\" alt=\"\" class=\"wp-image-957\" style=\"border-style:none;border-width:0px;border-radius:0px;aspect-ratio:4\/3;object-fit:cover;width:700px;height:auto\" srcset=\"https:\/\/edinoa.hr\/wp-content\/uploads\/2025\/06\/secerpasta-1024x1010.jpeg 1024w, https:\/\/edinoa.hr\/wp-content\/uploads\/2025\/06\/secerpasta-300x296.jpeg 300w, https:\/\/edinoa.hr\/wp-content\/uploads\/2025\/06\/secerpasta-768x758.jpeg 768w, https:\/\/edinoa.hr\/wp-content\/uploads\/2025\/06\/secerpasta-1536x1516.jpeg 1536w, https:\/\/edinoa.hr\/wp-content\/uploads\/2025\/06\/secerpasta-600x592.jpeg 600w, https:\/\/edinoa.hr\/wp-content\/uploads\/2025\/06\/secerpasta-100x100.jpeg 100w, https:\/\/edinoa.hr\/wp-content\/uploads\/2025\/06\/secerpasta.jpeg 2027w\" sizes=\"auto, (max-width: 1024px) 100vw, 1024px\" \/><\/figure>\n\n\n\n<p><\/p>\n\n\n\n<figure class=\"wp-block-image aligncenter size-large is-resized has-custom-border\"><img loading=\"lazy\" decoding=\"async\" width=\"1024\" height=\"724\" src=\"https:\/\/edinoa.hr\/wp-content\/uploads\/2025\/06\/secer-1024x724.jpeg\" alt=\"\" class=\"wp-image-943\" style=\"border-style:none;border-width:0px;border-radius:0px;aspect-ratio:4\/3;object-fit:cover;width:600px\" srcset=\"https:\/\/edinoa.hr\/wp-content\/uploads\/2025\/06\/secer-1024x724.jpeg 1024w, https:\/\/edinoa.hr\/wp-content\/uploads\/2025\/06\/secer-300x212.jpeg 300w, https:\/\/edinoa.hr\/wp-content\/uploads\/2025\/06\/secer-768x543.jpeg 768w, https:\/\/edinoa.hr\/wp-content\/uploads\/2025\/06\/secer-1536x1086.jpeg 1536w, https:\/\/edinoa.hr\/wp-content\/uploads\/2025\/06\/secer-600x424.jpeg 600w, https:\/\/edinoa.hr\/wp-content\/uploads\/2025\/06\/secer.jpeg 2000w\" sizes=\"auto, (max-width: 1024px) 100vw, 1024px\" \/><\/figure>\n","protected":false},"excerpt":{"rendered":"<p>Edukacija za depilaciju \u0161e\u0107ernom pastom \u017delite nau\u010diti depilirati \u0161e\u0107ernom pastom ili uvesti ovu popularnu tehniku u Va\u0161 salon?&nbsp; Depilacija \u0161e\u0107ernom pastom je jedna od najtra\u017eenijih metoda uklanjanja dla\u010dica u kozmeti\u010dkim salonima zbog rezultata koje daje, prirodnog sastava i tolerancije na osjetljivost i iritacije ko\u017ee. Te\u010daj za depilaciju \u0161e\u0107ernom pastom traje 2 dana&nbsp; 1.dan&nbsp;(4-5 sati) Teorijski [&hellip;]<\/p>\n","protected":false},"author":1,"featured_media":0,"parent":256,"menu_order":0,"comment_status":"closed","ping_status":"closed","template":"","meta":{"_glsr_average":0,"_glsr_ranking":0,"_glsr_reviews":0,"footnotes":""},"class_list":["post-315","page","type-page","status-publish","hentry"],"yoast_head":"<!-- This site is optimized with the Yoast SEO plugin v26.5 - https:\/\/yoast.com\/wordpress\/plugins\/seo\/ -->\n<title>Depilacija \u0161e\u0107ernom pastom za po\u010detnike - EDINOA<\/title>\n<meta name=\"robots\" content=\"index, follow, max-snippet:-1, max-image-preview:large, max-video-preview:-1\" \/>\n<link rel=\"canonical\" href=\"https:\/\/edinoa.hr\/index.php\/edukacije\/edukacija-za-depilaciju-secernom-pastom\/\" \/>\n<meta property=\"og:locale\" content=\"hr_HR\" \/>\n<meta property=\"og:type\" content=\"article\" \/>\n<meta property=\"og:title\" content=\"Depilacija \u0161e\u0107ernom pastom za po\u010detnike - EDINOA\" \/>\n<meta property=\"og:description\" content=\"Edukacija za depilaciju \u0161e\u0107ernom pastom \u017delite nau\u010diti depilirati \u0161e\u0107ernom pastom ili uvesti ovu popularnu tehniku u Va\u0161 salon?&nbsp; Depilacija \u0161e\u0107ernom pastom je jedna od najtra\u017eenijih metoda uklanjanja dla\u010dica u kozmeti\u010dkim salonima zbog rezultata koje daje, prirodnog sastava i tolerancije na osjetljivost i iritacije ko\u017ee. Te\u010daj za depilaciju \u0161e\u0107ernom pastom traje 2 dana&nbsp; 1.dan&nbsp;(4-5 sati) Teorijski [&hellip;]\" \/>\n<meta property=\"og:url\" content=\"https:\/\/edinoa.hr\/index.php\/edukacije\/edukacija-za-depilaciju-secernom-pastom\/\" \/>\n<meta property=\"og:site_name\" content=\"EDINOA\" \/>\n<meta property=\"article:modified_time\" content=\"2025-08-12T07:30:02+00:00\" \/>\n<meta property=\"og:image\" content=\"https:\/\/edinoa.hr\/wp-content\/uploads\/2025\/06\/secerpasta-1024x1010.jpeg\" \/>\n<meta name=\"twitter:card\" content=\"summary_large_image\" \/>\n<meta name=\"twitter:label1\" content=\"Procijenjeno vrijeme \u010ditanja\" \/>\n\t<meta name=\"twitter:data1\" content=\"2 minute\" \/>\n<script type=\"application\/ld+json\" class=\"yoast-schema-graph\">{\"@context\":\"https:\/\/schema.org\",\"@graph\":[{\"@type\":\"WebPage\",\"@id\":\"https:\/\/edinoa.hr\/index.php\/edukacije\/edukacija-za-depilaciju-secernom-pastom\/\",\"url\":\"https:\/\/edinoa.hr\/index.php\/edukacije\/edukacija-za-depilaciju-secernom-pastom\/\",\"name\":\"Depilacija \u0161e\u0107ernom pastom za po\u010detnike - EDINOA\",\"isPartOf\":{\"@id\":\"https:\/\/edinoa.hr\/#website\"},\"primaryImageOfPage\":{\"@id\":\"https:\/\/edinoa.hr\/index.php\/edukacije\/edukacija-za-depilaciju-secernom-pastom\/#primaryimage\"},\"image\":{\"@id\":\"https:\/\/edinoa.hr\/index.php\/edukacije\/edukacija-za-depilaciju-secernom-pastom\/#primaryimage\"},\"thumbnailUrl\":\"https:\/\/edinoa.hr\/wp-content\/uploads\/2025\/06\/secerpasta-1024x1010.jpeg\",\"datePublished\":\"2024-04-02T11:26:39+00:00\",\"dateModified\":\"2025-08-12T07:30:02+00:00\",\"breadcrumb\":{\"@id\":\"https:\/\/edinoa.hr\/index.php\/edukacije\/edukacija-za-depilaciju-secernom-pastom\/#breadcrumb\"},\"inLanguage\":\"hr\",\"potentialAction\":[{\"@type\":\"ReadAction\",\"target\":[\"https:\/\/edinoa.hr\/index.php\/edukacije\/edukacija-za-depilaciju-secernom-pastom\/\"]}]},{\"@type\":\"ImageObject\",\"inLanguage\":\"hr\",\"@id\":\"https:\/\/edinoa.hr\/index.php\/edukacije\/edukacija-za-depilaciju-secernom-pastom\/#primaryimage\",\"url\":\"https:\/\/edinoa.hr\/wp-content\/uploads\/2025\/06\/secerpasta.jpeg\",\"contentUrl\":\"https:\/\/edinoa.hr\/wp-content\/uploads\/2025\/06\/secerpasta.jpeg\",\"width\":2027,\"height\":2000},{\"@type\":\"BreadcrumbList\",\"@id\":\"https:\/\/edinoa.hr\/index.php\/edukacije\/edukacija-za-depilaciju-secernom-pastom\/#breadcrumb\",\"itemListElement\":[{\"@type\":\"ListItem\",\"position\":1,\"name\":\"Home\",\"item\":\"https:\/\/edinoa.hr\/\"},{\"@type\":\"ListItem\",\"position\":2,\"name\":\"Edukacije\",\"item\":\"https:\/\/edinoa.hr\/index.php\/edukacije\/\"},{\"@type\":\"ListItem\",\"position\":3,\"name\":\"Depilacija \u0161e\u0107ernom pastom za po\u010detnike\"}]},{\"@type\":\"WebSite\",\"@id\":\"https:\/\/edinoa.hr\/#website\",\"url\":\"https:\/\/edinoa.hr\/\",\"name\":\"EDINOA\",\"description\":\"Salon za depilaciju i edukaciju\",\"publisher\":{\"@id\":\"https:\/\/edinoa.hr\/#organization\"},\"potentialAction\":[{\"@type\":\"SearchAction\",\"target\":{\"@type\":\"EntryPoint\",\"urlTemplate\":\"https:\/\/edinoa.hr\/?s={search_term_string}\"},\"query-input\":{\"@type\":\"PropertyValueSpecification\",\"valueRequired\":true,\"valueName\":\"search_term_string\"}}],\"inLanguage\":\"hr\"},{\"@type\":\"Organization\",\"@id\":\"https:\/\/edinoa.hr\/#organization\",\"name\":\"EDINOA\",\"url\":\"https:\/\/edinoa.hr\/\",\"logo\":{\"@type\":\"ImageObject\",\"inLanguage\":\"hr\",\"@id\":\"https:\/\/edinoa.hr\/#\/schema\/logo\/image\/\",\"url\":\"https:\/\/edinoa.hr\/wp-content\/uploads\/2024\/03\/LOGO_pages-to-jpg-0001-1.jpg\",\"contentUrl\":\"https:\/\/edinoa.hr\/wp-content\/uploads\/2024\/03\/LOGO_pages-to-jpg-0001-1.jpg\",\"width\":782,\"height\":782,\"caption\":\"EDINOA\"},\"image\":{\"@id\":\"https:\/\/edinoa.hr\/#\/schema\/logo\/image\/\"}}]}<\/script>\n<!-- \/ Yoast SEO plugin. -->","yoast_head_json":{"title":"Depilacija \u0161e\u0107ernom pastom za po\u010detnike - EDINOA","robots":{"index":"index","follow":"follow","max-snippet":"max-snippet:-1","max-image-preview":"max-image-preview:large","max-video-preview":"max-video-preview:-1"},"canonical":"https:\/\/edinoa.hr\/index.php\/edukacije\/edukacija-za-depilaciju-secernom-pastom\/","og_locale":"hr_HR","og_type":"article","og_title":"Depilacija \u0161e\u0107ernom pastom za po\u010detnike - EDINOA","og_description":"Edukacija za depilaciju \u0161e\u0107ernom pastom \u017delite nau\u010diti depilirati \u0161e\u0107ernom pastom ili uvesti ovu popularnu tehniku u Va\u0161 salon?&nbsp; Depilacija \u0161e\u0107ernom pastom je jedna od najtra\u017eenijih metoda uklanjanja dla\u010dica u kozmeti\u010dkim salonima zbog rezultata koje daje, prirodnog sastava i tolerancije na osjetljivost i iritacije ko\u017ee. Te\u010daj za depilaciju \u0161e\u0107ernom pastom traje 2 dana&nbsp; 1.dan&nbsp;(4-5 sati) Teorijski [&hellip;]","og_url":"https:\/\/edinoa.hr\/index.php\/edukacije\/edukacija-za-depilaciju-secernom-pastom\/","og_site_name":"EDINOA","article_modified_time":"2025-08-12T07:30:02+00:00","og_image":[{"url":"https:\/\/edinoa.hr\/wp-content\/uploads\/2025\/06\/secerpasta-1024x1010.jpeg","type":"","width":"","height":""}],"twitter_card":"summary_large_image","twitter_misc":{"Procijenjeno vrijeme \u010ditanja":"2 minute"},"schema":{"@context":"https:\/\/schema.org","@graph":[{"@type":"WebPage","@id":"https:\/\/edinoa.hr\/index.php\/edukacije\/edukacija-za-depilaciju-secernom-pastom\/","url":"https:\/\/edinoa.hr\/index.php\/edukacije\/edukacija-za-depilaciju-secernom-pastom\/","name":"Depilacija \u0161e\u0107ernom pastom za po\u010detnike - EDINOA","isPartOf":{"@id":"https:\/\/edinoa.hr\/#website"},"primaryImageOfPage":{"@id":"https:\/\/edinoa.hr\/index.php\/edukacije\/edukacija-za-depilaciju-secernom-pastom\/#primaryimage"},"image":{"@id":"https:\/\/edinoa.hr\/index.php\/edukacije\/edukacija-za-depilaciju-secernom-pastom\/#primaryimage"},"thumbnailUrl":"https:\/\/edinoa.hr\/wp-content\/uploads\/2025\/06\/secerpasta-1024x1010.jpeg","datePublished":"2024-04-02T11:26:39+00:00","dateModified":"2025-08-12T07:30:02+00:00","breadcrumb":{"@id":"https:\/\/edinoa.hr\/index.php\/edukacije\/edukacija-za-depilaciju-secernom-pastom\/#breadcrumb"},"inLanguage":"hr","potentialAction":[{"@type":"ReadAction","target":["https:\/\/edinoa.hr\/index.php\/edukacije\/edukacija-za-depilaciju-secernom-pastom\/"]}]},{"@type":"ImageObject","inLanguage":"hr","@id":"https:\/\/edinoa.hr\/index.php\/edukacije\/edukacija-za-depilaciju-secernom-pastom\/#primaryimage","url":"https:\/\/edinoa.hr\/wp-content\/uploads\/2025\/06\/secerpasta.jpeg","contentUrl":"https:\/\/edinoa.hr\/wp-content\/uploads\/2025\/06\/secerpasta.jpeg","width":2027,"height":2000},{"@type":"BreadcrumbList","@id":"https:\/\/edinoa.hr\/index.php\/edukacije\/edukacija-za-depilaciju-secernom-pastom\/#breadcrumb","itemListElement":[{"@type":"ListItem","position":1,"name":"Home","item":"https:\/\/edinoa.hr\/"},{"@type":"ListItem","position":2,"name":"Edukacije","item":"https:\/\/edinoa.hr\/index.php\/edukacije\/"},{"@type":"ListItem","position":3,"name":"Depilacija \u0161e\u0107ernom pastom za po\u010detnike"}]},{"@type":"WebSite","@id":"https:\/\/edinoa.hr\/#website","url":"https:\/\/edinoa.hr\/","name":"EDINOA","description":"Salon za depilaciju i edukaciju","publisher":{"@id":"https:\/\/edinoa.hr\/#organization"},"potentialAction":[{"@type":"SearchAction","target":{"@type":"EntryPoint","urlTemplate":"https:\/\/edinoa.hr\/?s={search_term_string}"},"query-input":{"@type":"PropertyValueSpecification","valueRequired":true,"valueName":"search_term_string"}}],"inLanguage":"hr"},{"@type":"Organization","@id":"https:\/\/edinoa.hr\/#organization","name":"EDINOA","url":"https:\/\/edinoa.hr\/","logo":{"@type":"ImageObject","inLanguage":"hr","@id":"https:\/\/edinoa.hr\/#\/schema\/logo\/image\/","url":"https:\/\/edinoa.hr\/wp-content\/uploads\/2024\/03\/LOGO_pages-to-jpg-0001-1.jpg","contentUrl":"https:\/\/edinoa.hr\/wp-content\/uploads\/2024\/03\/LOGO_pages-to-jpg-0001-1.jpg","width":782,"height":782,"caption":"EDINOA"},"image":{"@id":"https:\/\/edinoa.hr\/#\/schema\/logo\/image\/"}}]}},"_links":{"self":[{"href":"https:\/\/edinoa.hr\/index.php\/wp-json\/wp\/v2\/pages\/315","targetHints":{"allow":["GET"]}}],"collection":[{"href":"https:\/\/edinoa.hr\/index.php\/wp-json\/wp\/v2\/pages"}],"about":[{"href":"https:\/\/edinoa.hr\/index.php\/wp-json\/wp\/v2\/types\/page"}],"author":[{"embeddable":true,"href":"https:\/\/edinoa.hr\/index.php\/wp-json\/wp\/v2\/users\/1"}],"replies":[{"embeddable":true,"href":"https:\/\/edinoa.hr\/index.php\/wp-json\/wp\/v2\/comments?post=315"}],"version-history":[{"count":18,"href":"https:\/\/edinoa.hr\/index.php\/wp-json\/wp\/v2\/pages\/315\/revisions"}],"predecessor-version":[{"id":1123,"href":"https:\/\/edinoa.hr\/index.php\/wp-json\/wp\/v2\/pages\/315\/revisions\/1123"}],"up":[{"embeddable":true,"href":"https:\/\/edinoa.hr\/index.php\/wp-json\/wp\/v2\/pages\/256"}],"wp:attachment":[{"href":"https:\/\/edinoa.hr\/index.php\/wp-json\/wp\/v2\/media?parent=315"}],"curies":[{"name":"wp","href":"https:\/\/api.w.org\/{rel}","templated":true}]}}